{"id":1700,"date":"2013-02-15T13:41:07","date_gmt":"2013-02-15T16:41:07","guid":{"rendered":"http:\/\/www.editora.ufpr.br\/portal\/?page_id=1700"},"modified":"2016-12-08T14:53:57","modified_gmt":"2016-12-08T17:53:57","slug":"autores","status":"publish","type":"page","link":"https:\/\/www.editora.ufpr.br\/portal\/autores\/","title":{"rendered":"Autores(as), Organizadores(as) e Tradutores(as)"},"content":{"rendered":"<p style=\"text-align: left;\">Conhe\u00e7a os autores(as), organizadores(as) e tradutores(as) que j\u00e1 tiveram suas obras publicadas pela Editora UFPR.<\/p>\n<p style=\"text-align: left;\"><strong>\u00a0Legenda:<\/strong><\/p>\n<p style=\"text-align: left;\"><strong><img decoding=\"async\" class=\"alignnone size-full wp-image-3964\" src=\"http:\/\/www.editora.ufpr.br\/portal\/wp-content\/uploads\/2013\/02\/COR-2.jpg\" alt=\"COR 2\" width=\"11\" height=\"11\" \/>\u00a0Autores(as)\/Organizadores(as) Nacionais<br \/>\n<strong><img decoding=\"async\" src=\"http:\/\/www.editora.ufpr.br\/portal\/wp-content\/uploads\/2013\/02\/COR-1.jpg\" alt=\"COR 1\" width=\"12\" height=\"11\" \/>\u00a0Autores (as) estrangeiros<br \/>\n<img decoding=\"async\" class=\"alignnone size-full wp-image-3976\" src=\"http:\/\/www.editora.ufpr.br\/portal\/wp-content\/uploads\/2013\/02\/COR-4.jpg\" alt=\"COR 4\" width=\"11\" height=\"11\" \/>\u00a0<\/strong>Tradutores(as)<br \/>\n<img loading=\"lazy\" decoding=\"async\" class=\"alignnone size-full wp-image-3979\" src=\"http:\/\/www.editora.ufpr.br\/portal\/wp-content\/uploads\/2013\/02\/COR-5.jpg\" alt=\"COR 5\" width=\"11\" height=\"11\" \/>\u00a0<strong>Organizadores(as) &amp;\u00a0<strong>Tradutores(as)<br \/>\n<img loading=\"lazy\" decoding=\"async\" class=\"alignnone size-full wp-image-3983\" src=\"http:\/\/www.editora.ufpr.br\/portal\/wp-content\/uploads\/2013\/02\/COR-6.jpg\" alt=\"COR 6\" width=\"11\" height=\"11\" \/>\u00a0<strong>Autores(as) &amp;\u00a0<strong>Tradutores(as)<\/strong><\/strong><br \/>\n<\/strong><\/strong><\/strong><\/p>\n<p style=\"text-align: left;\"><strong>A<\/strong><\/p>\n<p><span style=\"color: #000000;\">Adriano Nervo Codato<\/span><br \/>\nAdri\u00e1n Monjeau<br \/>\nAlberto Pio Fiori<br \/>\nAlceu Machado<br \/>\nAlcides Cardoso dos Santos<br \/>\nAlessandro Filla Rosaneli<br \/>\nAlexandro Dantas Trindade<br \/>\nAlfio Brandenburg<br \/>\nAm\u00e9lia Siegel Corr\u00eaa<br \/>\nAna Bondioli Donatella Savio<br \/>\nAna Carolina Rubini Trov\u00e3o<br \/>\nAna L\u00facia Rocha Barbalho da Cruz<br \/>\nAna Luisa Fayet Sallas<br \/>\nAna Paula Vosne Martins<br \/>\nAnamaria Filizola<br \/>\nAndr\u00e9 Akamine Ribas<br \/>\nAndre Lapierre<br \/>\n<span style=\"color: #008000;\">Andr\u00e9 Luiz Moscaleski Cavazzani<\/span><br \/>\nAndr\u00e9 Mendes Capraro<br \/>\nAndr\u00e9a Barbosa Gouveia<br \/>\nAndr\u00e9a Berriel<br \/>\nAngela Duarte Damasceno Ferreira<br \/>\n\u00c2ngelo Ricardo de Souza<br \/>\nAnita Helena Schlesener<br \/>\n<span style=\"color: #33cccc;\">Anna Seghers<\/span><br \/>\n<span style=\"color: #33cccc;\">Anne E. Magurran<\/span><br \/>\nAnne Lapierre<br \/>\n<span style=\"color: #33cccc;\">Arnold Whittall<\/span><br \/>\n<span style=\"color: #33cccc;\">Arthur Schopenhauer<\/span><br \/>\n<span style=\"color: #33cccc;\">Augusto Ponzio<\/span><br \/>\n\u00c1tila Francisco M\u00f3gor<br \/>\n<span style=\"color: #3366ff;\">Aurora Fornoni Bernardini<\/span><\/p>\n<p style=\"text-align: left;\"><strong>B<\/strong><\/p>\n<p>Bruna Abrah\u00e3o<br \/>\nBeatriz Ilari<br \/>\nBeatriz Senoi Ilari<br \/>\nBenito Martinez Rodriguez<br \/>\nBruno Miranda Z\u00e9tola<\/p>\n<p style=\"text-align: left;\"><strong>C<\/strong><\/p>\n<p><span style=\"color: #3366ff;\">Caetano Waldrigues Galindo<\/span><br \/>\nCamil Gemael<br \/>\nCarlos A. Peres<br \/>\n<span style=\"color: #008000;\">Carlos Alberto Faraco<\/span><br \/>\nCarlos Eduardo Vieira<br \/>\nCarlos Roberto Soares<br \/>\n<span style=\"color: #3366ff;\">Carmem L\u00facia Druciak<\/span><br \/>\nCaroline Pacheco<br \/>\n<span style=\"color: #3366ff;\">Cec\u00edlia Ines Erthal<\/span><br \/>\nCec\u00edlia Maria Ghedini<br \/>\nCec\u00edlia Mendes F. S. Silva<br \/>\nCharles Carneiro<br \/>\n<span style=\"color: #33cccc;\">Charles Darwin<br \/>\n<\/span><span style=\"color: #33cccc;\">Claudio Magris<br \/>\n<\/span>Claire Terezinha Lazzaretti<br \/>\nClara Mariana Romanovski<br \/>\nCl\u00e1udio Valladares- P\u00e1dua<br \/>\nCleusa Gomes<br \/>\nCleverson V. Andreoli<br \/>\n<span style=\"color: #33cccc;\">Concetta D\u2019Angeli<br \/>\n<\/span>Cristov\u00e3o Tezza<br \/>\nCynara L. N. Cunha<br \/>\n<span style=\"color: #33cccc;\">Czes\u0142aw Mi\u0142osz\u00a0<\/span><\/p>\n<p style=\"text-align: left;\"><strong>D<\/strong><\/p>\n<p><span style=\"color: #3366ff;\">Dana Moiana Vianna<\/span><br \/>\n<span style=\"color: #3366ff;\"> Daniel Martineschen<\/span><br \/>\nDiana Carneiro<br \/>\n<span style=\"color: #33cccc;\">Dina Yafasova<\/span><br \/>\nDilene Raimundo do Nascimento<br \/>\nDiogo da Silva Roiz<br \/>\nDomingos Jos\u00e9 Gon\u00e7alves de Magalh\u00e3es<br \/>\nDulce Regina Baggio Osinski<\/p>\n<p style=\"text-align: left;\"><strong>E<\/strong><\/p>\n<p><span style=\"color: #33cccc;\">E.E Cummings<\/span><br \/>\nEdilene Coffaci de Lima<br \/>\nEduardo Corr\u00eaa Lima<br \/>\nEduardo F. Gobbi<br \/>\n<span style=\"color: #3366ff;\">Eduardo Nadalin<\/span><br \/>\nEduardo Nascimento<br \/>\n<span style=\"color: #993300;\">Eduardo Ribeiro da Fonseca<\/span><br \/>\nEleci Schr\u00f6der Donin<br \/>\nEmerson Antonio de Oliveira<br \/>\nEneida Kuchpil<br \/>\nEnny Arlette Pioli Bassetti<br \/>\nErica Piovam de Ulh\u00f4a Cintra<br \/>\nEstev\u00e3o de Rezende Martins<br \/>\n<span style=\"color: #33cccc;\">\u00c9tienne Bimbenet<br \/>\nEugenio Coserili<\/span><\/p>\n<p style=\"text-align: left;\"><strong>F<\/strong><\/p>\n<p>Fabiane Kroker<br \/>\nFelipe de C\u00f3rdova<br \/>\nFernanda Melo<br \/>\n<span style=\"color: #33cccc;\">Fernando Aliata<\/span><br \/>\nFernando C. Gil<br \/>\nFernando C. Straube<br \/>\nFernando Cerisara Gil<br \/>\nFernando Fernandez<br \/>\nFrancisco de Borja Baptista de Magalh\u00e3es Filho<br \/>\nFrancisco Mendon\u00e7a<br \/>\n<span style=\"color: #33cccc;\">Friedrich Schiller<\/span><\/p>\n<p style=\"text-align: left;\"><strong>G<\/strong><\/p>\n<p><span style=\"color: #33cccc;\">George Steiner<\/span><br \/>\nGeraldo Pe\u00e7anha de Almeida<br \/>\n<span style=\"color: #33cccc;\">G\u00e9rard Vergnaud<\/span><br \/>\nGilberto de Castro<br \/>\nGiuliana Andreotti<br \/>\n<span style=\"color: #33cccc;\">Graciela Silvestri<\/span><br \/>\n<span style=\"color: #33cccc;\">Guido Paduano<\/span><br \/>\n<span style=\"color: #3366ff;\">Guilherme Gontijo Flores<\/span><br \/>\nGuilherme Romanelli<\/p>\n<p style=\"text-align: left;\"><strong>H<\/strong><\/p>\n<p><span style=\"color: #33cccc;\">Hans Jacob Chr\u00edstoffel von Grimmelshausen<\/span><br \/>\nHarry Crowl<br \/>\n<span style=\"color: #33cccc;\">Hern\u00e1n Neira<\/span><br \/>\nHieda Maria Pagliosa Corona<br \/>\nHilton Costa<\/p>\n<p style=\"text-align: left;\"><strong>I<\/strong><\/p>\n<p>Ida Cristina Gubert<br \/>\nIma C\u00e9lia Guimar\u00e3es Vieira<br \/>\nIn\u00eas lacerda Ara\u00fajo<br \/>\nIsabel Barca<br \/>\nIsabel Jasinski<br \/>\nIseu Affonso da Costa<br \/>\nIsis Lemes de Godoi<br \/>\nIvo Carlos Arnt<\/p>\n<p style=\"text-align: left;\"><strong>J<\/strong><\/p>\n<p><span style=\"color: #33cccc;\">Jacques Revel<\/span><br \/>\nJamil Zugueib Neto<br \/>\nJane de M. O. Vasconcelos<br \/>\nJanete Bolite Frant<br \/>\n<span style=\"color: #33cccc;\">Jean Foucambert<\/span><br \/>\n<span style=\"color: #33cccc;\">Jean-Claude M\u00e9traux<\/span><br \/>\n<span style=\"color: #33cccc;\">Jean-Yes Bosseur<\/span><br \/>\nJerusa Serafim Weiss Marchi<br \/>\nJo\u00e3o Somma Neto<br \/>\nJoe Tennyson Veio<br \/>\n<span style=\"color: #33cccc;\">John Gay<\/span><br \/>\n<span style=\"color: #33cccc;\">Jonathan Dunsby<\/span><br \/>\nJorge de Lima<br \/>\nJos Barlow<br \/>\nJos\u00e9 Brand\u00e3o de Moura<br \/>\nJos\u00e9 Domingos Fontana<br \/>\nJos\u00e9 Edmilson de Souza-Lima<br \/>\nJos\u00e9 Miguel Rasia<br \/>\nJos\u00e9 Szwako<br \/>\nJoselia Maria Schuber<br \/>\nJuarez Bergmann Filho<br \/>\nJuliana Suzuki<\/p>\n<p style=\"text-align: left;\"><strong>K<\/strong><\/p>\n<p>Kamila Cristina Babiuki<br \/>\nKey Imaguire Junior<br \/>\nKlaus Eggensperger<\/p>\n<p style=\"text-align: left;\"><strong>L<\/strong><\/p>\n<p>Larry Lechner<br \/>\nLaura Cipollone<br \/>\nLaury Cullen Jr<br \/>\nLeandro Neves Cardim<br \/>\nLennita Oliveira Ruggi<br \/>\nLiane Bertucci<br \/>\nLidia Natalia Dobrianskyj Weber<br \/>\nLorena C\u00f3rdoba<br \/>\nLorenzo Macagno<br \/>\n<span style=\"color: #3366ff;\">Luci Colin<\/span><br \/>\n<span style=\"color: #3366ff;\"> L\u00facia Cherem<\/span><br \/>\nL\u00facia Miguel Pereira<br \/>\nL\u00facia Peixoto Cherem<br \/>\nL\u00facio Cardoso<br \/>\nLuigi Carmignani<br \/>\nLuis Bourscheidt<br \/>\nLu\u00eds Bueno<br \/>\nLuiz Carlos Simon<br \/>\n<span style=\"color: #3366ff;\">Luiz Ernani Fritoli<\/span><br \/>\nLuiz Henrique Pombo do Nascimento<\/p>\n<p style=\"text-align: left;\"><strong>M<\/strong><\/p>\n<p>Magnus Roberto de Mello Pereira<br \/>\nManuela Bassetti de Souza Lima<br \/>\nMarc J. Dourojeanni<br \/>\nMarcella Lopes Guimar\u00e3es<br \/>\n<span style=\"color: #33cccc;\">Marcelo Dascal<\/span><br \/>\nMarcelo Lima<br \/>\n<span style=\"color: #3366ff;\">Marcelo Paiva de Souza<\/span><br \/>\nMarcia C.M.Marques<br \/>\nM\u00e1rcia Dalledone Siqueira<br \/>\nM\u00e1rcio de Oliveira<br \/>\nMarcio Kieller<br \/>\n<span style=\"color: #3366ff;\">Marco Aur\u00e9lio Koentopp<\/span><br \/>\nMarco Cezar Dudeque<br \/>\nMarcus Aurelio Taborda de Oliveira<br \/>\nMaria Ant\u00f4nia de Souza<br \/>\nMaria Aparecida Cassilha Zawadneak<br \/>\nMaria Auxiliadora Schmidt<br \/>\n<span style=\"color: #3366ff;\">Maria C\u00e9lia Martirani<\/span><br \/>\nMaria Domingos Pereira Ventura<br \/>\nMaria Helena F\u00e1vero<br \/>\nMaria Henriqueta Sperandio Garcia Gimenes-Minasse<br \/>\nMaria Ign\u00eas Scavone de Mello Teixeira<br \/>\n<span style=\"color: #008000;\">Maria Lucia Faria Moro<\/span><br \/>\nMaria Luiza Andreazza<br \/>\nMaria Luiza Marques Dias<br \/>\nMaria Marce Moliani<br \/>\nMaria Regina Maluf<br \/>\nMaria Tarcisa Silva Bega<br \/>\nMaria Tereza Carneiro Soares<br \/>\nMaria Tereza Jorge P\u00e1dua<br \/>\nMarilene Weinhardt<br \/>\nM\u00e1rio Antonio Sanches<br \/>\nMario Fuks<br \/>\n<span style=\"color: #3366ff;\">Mario Luiz Frungillo<\/span><br \/>\nMarionilde Dias Brepohl de Magalhaes<br \/>\nMarisete Teresinha Hoffmann-Horochovski<br \/>\nMarta Mora\u00eds da Costa<br \/>\n<span style=\"color: #33cccc;\">Matthias Konzett<\/span><br \/>\n<span style=\"color: #3366ff;\">Maur\u00edcio Jos\u00e9 d&#8217;Escragnolle Cardoso<\/span><br \/>\n<span style=\"color: #008000;\">Mauricio Mendon\u00e7a Cardozo<\/span><br \/>\n<span style=\"color: #33cccc;\">Michael Frome<\/span><br \/>\nMichael Watkins<br \/>\nMichel Ghins<br \/>\n<span style=\"color: #33cccc;\">Michel Henry<\/span><br \/>\nMiguel Augusto Zydan S\u00f3ria<br \/>\nMiriam Adelman<br \/>\nMonica Rabello de Castro<br \/>\nMurilo S. Meneses<br \/>\nMyrian Del Vecchio de Lima<\/p>\n<p style=\"text-align: left;\"><strong>N<\/strong><\/p>\n<p>Nadia Cibele Besciak<br \/>\nNadia G. Gon\u00e7alves<br \/>\nNadia Gaiofatto Gon\u00e7alves<br \/>\nNatacha Eug\u00eania Janata<br \/>\n<span style=\"color: #3366ff;\">Nathalie Dessartre<\/span><br \/>\nNelson Guimar\u00e3es<br \/>\nN\u00e9vio de Campos<br \/>\nNilson Fernandes Dinis<br \/>\n<span style=\"color: #3366ff;\">Nilton Cezar Tridapalli<\/span><br \/>\nNorma da Luz Ferrarini e Dirlene Ruppel<br \/>\n<span style=\"color: #008000;\">Norton Dudeque<\/span><\/p>\n<p style=\"text-align: left;\"><strong>O<\/strong><\/p>\n<p><span style=\"color: #33cccc;\">\u00d3scar Loureda Lamas<\/span><br \/>\n<span style=\"color: #33cccc;\">Otto Friedrich Bollnow<\/span><\/p>\n<p style=\"text-align: left;\"><strong>P<\/strong><\/p>\n<p><span style=\"color: #33cccc;\">Paolo Rossi<\/span><br \/>\nPatr\u00edcia da Silva Cardoso<br \/>\nPatricia Silvestre de Freitas<br \/>\nPaula Inez Cunha Gomide<br \/>\nPaula Tatyane Cardozo<br \/>\n<span style=\"color: #3366ff;\">Paulo Chiesa<\/span><br \/>\nPaulo da Cunha Lana<br \/>\nPaulo Marcos Mottos Barnab\u00e9<br \/>\nPaulo Mota<br \/>\nPaulo Renato Gu\u00e9rios<br \/>\n<span style=\"color: #3366ff;\">Paulo Roberto Maciel Santos<\/span><br \/>\n<span style=\"color: #33cccc;\">Pietro Costa<\/span><\/p>\n<p style=\"text-align: left;\"><strong>R<\/strong><\/p>\n<p>Raquel Andrade Weiss<br \/>\nRebeca Fernandes Dias<br \/>\nRegina Cely de Campos Hagemeyer<br \/>\nRegina Maria Michelotto<br \/>\nRegina Pzybycien<br \/>\nReinaldo Marcos Castro<br \/>\nRejane Giacomassi<br \/>\n<span style=\"color: #33cccc;\">Remo Ceserani<\/span><br \/>\nRenata Palandrini Sigolo<br \/>\nRenata Senna Garraffoni<br \/>\nRenato Lopes Leite<br \/>\nRenato Monseff Perissinotto<br \/>\nRenaud Barbaras<br \/>\nRicardo Carneiro Antonio<br \/>\nRicardo Costa de Oliveira<br \/>\nRicardo Miranda de Britez<br \/>\nRicardo Uhry<br \/>\n<span style=\"color: #33cccc;\">Robert Burton<\/span><br \/>\nRoberto A. Hexsel<br \/>\nRoberto Figurelli<br \/>\nRoberto Said<br \/>\nRoberto Tuyoshi Hosokawa<br \/>\nRodney Caetano<br \/>\n<span style=\"color: #3366ff;\">Rodrigo Borges de Faveri<\/span><br \/>\nRodrigo Tadeu Gon\u00e7alves<br \/>\n<span style=\"color: #008000;\">Rodrigo Vieira Marques<\/span><br \/>\nRonaldo Manzi Filho<br \/>\nRonaldo Manzi Filho<br \/>\nRosana Moreira da Rocha<br \/>\nRosane Cardoso de Ara\u00fajo<br \/>\nRos\u00e2ngela Maria Ferreira dos Santos<br \/>\nRoseli Boschilia<br \/>\nRoseli Terezinha Boschilia<br \/>\nRubia C. Formighieri Giordani<br \/>\nRudy Rudran<br \/>\n<span style=\"color: #008000;\">Ruth Bohunovsky<\/span><br \/>\nRuth Eug\u00eania Amarante Cidade<br \/>\nRuy Christovam Wachowicz<\/p>\n<p style=\"text-align: left;\"><strong>S<\/strong><\/p>\n<p>Saddo Ag Almouloud<br \/>\nSalete Kozel<br \/>\n<span style=\"color: #3366ff;\">Sandra M. Stroparo<\/span><br \/>\nSandra Mara Maciel-Lima<br \/>\nSandra Regina Kirchner Guimar\u00e3es<br \/>\n<span style=\"color: #008000;\">Sandro Aramis Richter Gomes<\/span><br \/>\nSandro Jorge Garcia Coneglian<br \/>\nS\u00e9rgio Braga<br \/>\nS\u00e9rgio Paulo Muniz Costa<br \/>\nSerlei Maria Fischer Ranzi<br \/>\nSilvana Mariani<br \/>\nSilvana Oliveira<br \/>\nSilvana Weihermann<br \/>\nSilvete Aparecida Crippa de Araujo<br \/>\nS\u00edlvia Maria de Ara\u00fajo<br \/>\nSilvia Montenegro<br \/>\nSirlei M. F. Ranzi<br \/>\nS\u00f4nia F\u00e1tima Schwendler<br \/>\nS\u00f4nia Guariza Miranda<br \/>\nS\u00f4nia Maria Marchiorato Carneiro<br \/>\n<span style=\"color: #3366ff;\">Suzete de Paula Bornatto<\/span><\/p>\n<p style=\"text-align: left;\"><strong>\u00a0T<\/strong><\/p>\n<p>Tania Stoltz<br \/>\nTeresa Urban<br \/>\nTha\u00eds Moura Tavares<br \/>\n<span style=\"color: #33cccc;\">Theodor Storm<\/span><br \/>\n<span style=\"color: #3366ff;\">Th\u00e9o de Borba Moosburger<\/span><br \/>\nThiago Fortes Ribas<br \/>\nTiago Madalozzo<br \/>\nToby A. Gardner<\/p>\n<p><strong>U<\/strong><\/p>\n<p>Ulisses Silva da Cunha<\/p>\n<p><strong>V<\/strong><\/p>\n<p>Valdir Nogueira<br \/>\nV\u00e2nia Regina Mercer<br \/>\nVera Regina Beltr\u00e3o Marques<br \/>\nVer\u00f4nica Ferreira de Miranda<br \/>\nVer\u00f3nica Gim\u00e9nez B\u00e9liveau<br \/>\n<span style=\"color: #33cccc;\">Villiers de L\u2019Isle-Adam<\/span><br \/>\n<span style=\"color: #3366ff;\">Vinicius Mariano de Carvalho<\/span><br \/>\nV\u00edtor Franco<br \/>\nViviane Maria Alessi<br \/>\nVladmir Poliakov<\/p>\n<p><strong>W<\/strong><\/p>\n<p>Walter Antonio Pereira Boeger<br \/>\nWilson da Silva<\/p>\n<p><strong>Z<\/strong><\/p>\n<p>Zelia Chuenke<br \/>\nZundir Jos\u00e9 Buzzi<\/p>\n","protected":false},"excerpt":{"rendered":"<p>Conhe\u00e7a os autores(as), organizadores(as) e tradutores(as) que j\u00e1 tiveram suas obras publicadas pela Editora UFPR. \u00a0Legenda: \u00a0Autores(as)\/Organizadores(as) Nacionais \u00a0Autores (as) estrangeiros \u00a0Tradutores(as) \u00a0Organizadores(as) &amp;\u00a0Tradutores(as) \u00a0Autores(as) &amp;\u00a0Tradutores(as) A Adriano Nervo Codato Adri\u00e1n Monjeau Alberto Pio Fiori Alceu Machado Alcides Cardoso dos<a class=\"leia-mais\" href=\"https:\/\/www.editora.ufpr.br\/portal\/autores\/\"> [Leia Mais]<\/a><\/p>\n","protected":false},"author":1,"featured_media":0,"parent":0,"menu_order":0,"comment_status":"closed","ping_status":"open","template":"","meta":{"_acf_changed":false,"footnotes":""},"folder":[],"acf":[],"class_list":["post-1700","page","type-page","status-publish","hentry"],"_links":{"self":[{"href":"https:\/\/www.editora.ufpr.br\/portal\/wp-json\/wp\/v2\/pages\/1700","targetHints":{"allow":["GET"]}}],"collection":[{"href":"https:\/\/www.editora.ufpr.br\/portal\/wp-json\/wp\/v2\/pages"}],"about":[{"href":"https:\/\/www.editora.ufpr.br\/portal\/wp-json\/wp\/v2\/types\/page"}],"author":[{"embeddable":true,"href":"https:\/\/www.editora.ufpr.br\/portal\/wp-json\/wp\/v2\/users\/1"}],"replies":[{"embeddable":true,"href":"https:\/\/www.editora.ufpr.br\/portal\/wp-json\/wp\/v2\/comments?post=1700"}],"version-history":[{"count":43,"href":"https:\/\/www.editora.ufpr.br\/portal\/wp-json\/wp\/v2\/pages\/1700\/revisions"}],"predecessor-version":[{"id":5749,"href":"https:\/\/www.editora.ufpr.br\/portal\/wp-json\/wp\/v2\/pages\/1700\/revisions\/5749"}],"wp:attachment":[{"href":"https:\/\/www.editora.ufpr.br\/portal\/wp-json\/wp\/v2\/media?parent=1700"}],"wp:term":[{"taxonomy":"folder","embeddable":true,"href":"https:\/\/www.editora.ufpr.br\/portal\/wp-json\/wp\/v2\/folder?post=1700"}],"curies":[{"name":"wp","href":"https:\/\/api.w.org\/{rel}","templated":true}]}}